{"id":106,"date":"2019-11-22T13:08:00","date_gmt":"2019-11-22T12:08:00","guid":{"rendered":"http:\/\/web15139.login-3.loginserver.ch\/wp\/?page_id=106"},"modified":"2023-12-20T10:37:51","modified_gmt":"2023-12-20T09:37:51","slug":"home","status":"publish","type":"page","link":"https:\/\/www.raumplanerin.ch\/cms\/","title":{"rendered":"Home"},"content":{"rendered":"<section class=\"l-section wpb_row height_medium\"><div class=\"l-section-h i-cf\"><div class=\"g-cols vc_row via_flex valign_top type_default stacking_default\"><div class=\"vc_col-sm-8 wpb_column vc_column_container\"><div class=\"vc_column-inner\"><div class=\"wpb_wrapper\"><div class=\"w-slider us_custom_9d4e518e style_none fit_cover\"><div class=\"w-slider-h\"><div class=\"royalSlider\"><div class=\"rsContent\"><a class=\"rsImg\" data-rsw=\"640\" data-rsh=\"480\" href=\"https:\/\/www.raumplanerin.ch\/cms\/wp-content\/uploads\/2018\/05\/IMG_1011.jpg\"><span data-alt=\"\"><\/span><\/a><\/div><div class=\"rsContent\"><a class=\"rsImg\" data-rsw=\"1024\" data-rsh=\"765\" href=\"https:\/\/www.raumplanerin.ch\/cms\/wp-content\/uploads\/2015\/06\/IMG_09151-1024x765.jpg\"><span data-alt=\"\"><\/span><\/a><\/div><div class=\"rsContent\"><a class=\"rsImg\" data-rsw=\"1024\" data-rsh=\"746\" href=\"https:\/\/www.raumplanerin.ch\/cms\/wp-content\/uploads\/2014\/07\/DSC08240-scaled-e1690746321833-1024x746.jpg\"><span data-alt=\"\"><\/span><\/a><\/div><div class=\"rsContent\"><a class=\"rsImg\" data-rsw=\"1024\" data-rsh=\"906\" href=\"https:\/\/www.raumplanerin.ch\/cms\/wp-content\/uploads\/2015\/03\/final_innerholigen_revA_A4-1024x906.jpg\"><span data-alt=\"\"><\/span><\/a><\/div><div class=\"rsContent\"><a class=\"rsImg\" data-rsw=\"1024\" data-rsh=\"768\" href=\"https:\/\/www.raumplanerin.ch\/cms\/wp-content\/uploads\/2013\/07\/DSC00859-1024x768.jpg\"><span data-alt=\"\"><\/span><\/a><\/div><div class=\"rsContent\"><a class=\"rsImg\" data-rsw=\"1024\" data-rsh=\"768\" href=\"https:\/\/www.raumplanerin.ch\/cms\/wp-content\/uploads\/2011\/07\/DSC08987-1024x768.jpg\"><span data-alt=\"\"><\/span><\/a><\/div><div class=\"rsContent\"><a class=\"rsImg\" data-rsw=\"1024\" data-rsh=\"768\" href=\"https:\/\/www.raumplanerin.ch\/cms\/wp-content\/uploads\/2007\/04\/P8230072-1024x768.jpg\"><span data-alt=\"\"><\/span><\/a><\/div><div class=\"rsContent\"><a class=\"rsImg\" data-rsw=\"1024\" data-rsh=\"768\" href=\"https:\/\/www.raumplanerin.ch\/cms\/wp-content\/uploads\/2007\/04\/3-Unterf\u00fchrung-1024x768.jpg\"><span data-alt=\"\"><\/span><\/a><\/div><div class=\"rsContent\"><a class=\"rsImg\" data-rsw=\"1024\" data-rsh=\"1024\" href=\"https:\/\/www.raumplanerin.ch\/cms\/wp-content\/uploads\/2022\/04\/Haltestelle_Baerenplatz-scaled-e1650746904223-1024x1024.jpg\"><span data-alt=\"\"><\/span><\/a><\/div><div class=\"rsContent\"><a class=\"rsImg\" data-rsw=\"1024\" data-rsh=\"768\" href=\"https:\/\/www.raumplanerin.ch\/cms\/wp-content\/uploads\/2014\/11\/IMG_0790-1024x768.jpg\"><span data-alt=\"\"><\/span><\/a><\/div><div class=\"rsContent\"><a class=\"rsImg\" data-rsw=\"1024\" data-rsh=\"768\" href=\"https:\/\/www.raumplanerin.ch\/cms\/wp-content\/uploads\/2023\/01\/PHOTO-2022-11-26-18-24-17Regina-Bauwochenende-1024x768.jpg\"><span data-alt=\"\"><\/span><\/a><\/div><div class=\"rsContent\"><a class=\"rsImg\" data-rsw=\"1024\" data-rsh=\"768\" href=\"https:\/\/www.raumplanerin.ch\/cms\/wp-content\/uploads\/2013\/07\/DSC05631-1024x768.jpg\"><span data-alt=\"\"><\/span><\/a><\/div><div class=\"rsContent\"><a class=\"rsImg\" data-rsw=\"1024\" data-rsh=\"768\" href=\"https:\/\/www.raumplanerin.ch\/cms\/wp-content\/uploads\/2015\/03\/DSC05657-1024x768.jpg\"><span data-alt=\"\"><\/span><\/a><\/div><div class=\"rsContent\"><a class=\"rsImg\" data-rsw=\"1024\" data-rsh=\"768\" href=\"https:\/\/www.raumplanerin.ch\/cms\/wp-content\/uploads\/2022\/05\/IMG_9895-1-1024x768.jpeg\"><span data-alt=\"\"><\/span><\/a><\/div><div class=\"rsContent\"><a class=\"rsImg\" data-rsw=\"1024\" data-rsh=\"943\" href=\"https:\/\/www.raumplanerin.ch\/cms\/wp-content\/uploads\/2014\/12\/Bild_1-1-e1653601497559-1024x943.jpeg\"><span data-alt=\"\"><\/span><\/a><\/div><div class=\"rsContent\"><a class=\"rsImg\" data-rsw=\"1024\" data-rsh=\"768\" href=\"https:\/\/www.raumplanerin.ch\/cms\/wp-content\/uploads\/2014\/12\/Bild_2-1024x768.jpeg\"><span data-alt=\"\"><\/span><\/a><\/div><div class=\"rsContent\"><a class=\"rsImg\" data-rsw=\"640\" data-rsh=\"427\" href=\"https:\/\/www.raumplanerin.ch\/cms\/wp-content\/uploads\/2017\/05\/topelement.jpg\"><span data-alt=\"\"><\/span><\/a><\/div><div class=\"rsContent\"><a class=\"rsImg\" data-rsw=\"1024\" data-rsh=\"922\" href=\"https:\/\/www.raumplanerin.ch\/cms\/wp-content\/uploads\/2014\/05\/DSC08217-scaled-e1650817251230-1024x922.jpg\"><span data-alt=\"\"><\/span><\/a><\/div><div class=\"rsContent\"><a class=\"rsImg\" data-rsw=\"1024\" data-rsh=\"1024\" href=\"https:\/\/www.raumplanerin.ch\/cms\/wp-content\/uploads\/2008\/10\/16_Gisela_Bar-scaled-e1650818156482-1024x1024.jpg\"><span data-alt=\"\"><\/span><\/a><\/div><div class=\"rsContent\"><a class=\"rsImg\" data-rsw=\"1024\" data-rsh=\"768\" href=\"https:\/\/www.raumplanerin.ch\/cms\/wp-content\/uploads\/2023\/02\/IMG_0761-1024x768.jpeg\"><span data-alt=\"\"><\/span><\/a><\/div><\/div><img decoding=\"async\" src=\"https:\/\/www.raumplanerin.ch\/cms\/wp-content\/uploads\/2018\/05\/IMG_1011.jpg\" width=\"640\" height=\"480\" alt loading=\"lazy\"><\/div><div class=\"w-slider-json\" onclick='return {&quot;loop&quot;:true,&quot;fadeInLoadedSlide&quot;:false,&quot;slidesSpacing&quot;:0,&quot;imageScalePadding&quot;:0,&quot;numImagesToPreload&quot;:2,&quot;arrowsNav&quot;:true,&quot;arrowsNavAutoHide&quot;:false,&quot;transitionType&quot;:&quot;move&quot;,&quot;transitionSpeed&quot;:250,&quot;block&quot;:{&quot;moveEffect&quot;:&quot;none&quot;,&quot;speed&quot;:300},&quot;controlNavigation&quot;:&quot;none&quot;,&quot;autoplay&quot;:{&quot;enabled&quot;:true,&quot;pauseOnHover&quot;:true,&quot;delay&quot;:5000},&quot;imageScaleMode&quot;:&quot;fill&quot;,&quot;autoScaleSlider&quot;:true,&quot;autoScaleSliderWidth&quot;:640,&quot;autoScaleSliderHeight&quot;:480,&quot;fitInViewport&quot;:false}'><\/div><\/div><\/div><\/div><\/div><div class=\"vc_col-sm-4 wpb_column vc_column_container\"><div class=\"vc_column-inner\"><div class=\"wpb_wrapper\"><div class=\"wpb_text_column\"><div class=\"wpb_wrapper\"><h2>Aktuell<\/h2>\n<\/div><\/div><div class=\"w-grid type_grid layout_2162\" id=\"us_grid_1\" data-filterable=\"true\"><style>#us_grid_1 .w-grid-item:not(:last-child){margin-bottom:1.5rem}#us_grid_1 .g-loadmore{margin-top:1.5rem}.layout_2162 .w-grid-item-h{}.layout_2162 .usg_post_title_1{margin-bottom:0!important;font-family:var(--font-h4)!important;font-size:1rem!important}.layout_2162 .usg_post_date_1{font-family:var(--font-body)!important;font-size:14px!important;color:#949799!important}.layout_2162 .usg_post_taxonomy_1{font-family:var(--font-body)!important}<\/style><div class=\"w-grid-list\">\t<article class=\"w-grid-item post-3432 post type-post status-publish format-standard has-post-thumbnail hentry category-ausstellungen category-kultur tag-minimuseum-muerren tag-muerren\" data-id=\"3432\">\r\n\t\t<div class=\"w-grid-item-h\">\r\n\t\t\t\t\t\t<div class=\"w-html usg_html_1\"><hr><\/div><div class=\"w-post-elm post_taxonomy usg_post_taxonomy_1 style_simple\"><a href=\"https:\/\/www.raumplanerin.ch\/cms\/category\/ausstellungen\/\">Ausstellungen<\/a>, <a href=\"https:\/\/www.raumplanerin.ch\/cms\/category\/kultur\/\">Kultur<\/a><\/div><h4 class=\"w-post-elm post_title usg_post_title_1 entry-title color_link_inherit\"><a href=\"https:\/\/www.raumplanerin.ch\/cms\/bergtoene-im-lauterbrunnental\/\">Bergt\u00f6ne im Lauterbrunnental<\/a><\/h4><time class=\"w-post-elm post_date usg_post_date_1 entry-date published\" datetime=\"2026-01-21T13:40:34+01:00\">21. Januar 2026<\/time>\t\t<\/div>\r\n\t<\/article>\r\n\t<article class=\"w-grid-item post-3425 post type-post status-publish format-standard has-post-thumbnail hentry category-artikel category-wohnen tag-ausserholligen tag-ewb\" data-id=\"3425\">\r\n\t\t<div class=\"w-grid-item-h\">\r\n\t\t\t\t\t\t<div class=\"w-html usg_html_1\"><hr><\/div><div class=\"w-post-elm post_taxonomy usg_post_taxonomy_1 style_simple\"><a href=\"https:\/\/www.raumplanerin.ch\/cms\/category\/artikel\/\">Artikel<\/a>, <a href=\"https:\/\/www.raumplanerin.ch\/cms\/category\/wohnen\/\">Wohnen<\/a><\/div><h4 class=\"w-post-elm post_title usg_post_title_1 entry-title color_link_inherit\"><a href=\"https:\/\/www.raumplanerin.ch\/cms\/ausserholligen-neues-quartier-mit-200-wohnungen\/\">Ausserholligen &#8211;  Neues Quartier mit 200 Wohnungen &#8211; Stadt will Areal nicht kaufen<\/a><\/h4><time class=\"w-post-elm post_date usg_post_date_1 entry-date published\" datetime=\"2026-01-21T13:19:45+01:00\">21. Januar 2026<\/time>\t\t<\/div>\r\n\t<\/article>\r\n\t<article class=\"w-grid-item post-3421 post type-post status-publish format-standard has-post-thumbnail hentry category-publikationen category-baukultur tag-muerren\" data-id=\"3421\">\r\n\t\t<div class=\"w-grid-item-h\">\r\n\t\t\t\t\t\t<div class=\"w-html usg_html_1\"><hr><\/div><div class=\"w-post-elm post_taxonomy usg_post_taxonomy_1 style_simple\"><a href=\"https:\/\/www.raumplanerin.ch\/cms\/category\/publikationen\/\">Publikationen<\/a>, <a href=\"https:\/\/www.raumplanerin.ch\/cms\/category\/baukultur\/\">Baukultur<\/a><\/div><h4 class=\"w-post-elm post_title usg_post_title_1 entry-title color_link_inherit\"><a href=\"https:\/\/www.raumplanerin.ch\/cms\/kulturhotel-regina-muerren\/\">Kulturhotel Regina M\u00fcrren<\/a><\/h4><time class=\"w-post-elm post_date usg_post_date_1 entry-date published\" datetime=\"2025-02-06T23:28:58+01:00\">6. Februar 2025<\/time>\t\t<\/div>\r\n\t<\/article>\r\n<\/div><div class=\"w-grid-preloader\"><div class=\"g-preloader type_1\">\r\n\t<div><\/div>\r\n<\/div>\r\n<\/div>\t<div class=\"w-grid-json hidden\" onclick='return {&quot;action&quot;:&quot;us_ajax_grid&quot;,&quot;ajax_url&quot;:&quot;https:\\\/\\\/www.raumplanerin.ch\\\/cms\\\/wp-admin\\\/admin-ajax.php&quot;,&quot;infinite_scroll&quot;:0,&quot;max_num_pages&quot;:116,&quot;pagination&quot;:&quot;none&quot;,&quot;permalink_url&quot;:&quot;https:\\\/\\\/www.raumplanerin.ch\\\/cms\\\/wp-json\\\/wp\\\/v2\\\/pages\\\/106&quot;,&quot;template_vars&quot;:{&quot;columns&quot;:&quot;1&quot;,&quot;exclude_items&quot;:&quot;none&quot;,&quot;img_size&quot;:&quot;default&quot;,&quot;ignore_items_size&quot;:false,&quot;items_layout&quot;:&quot;2162&quot;,&quot;items_offset&quot;:&quot;1&quot;,&quot;load_animation&quot;:&quot;none&quot;,&quot;overriding_link&quot;:&quot;none&quot;,&quot;post_id&quot;:106,&quot;query_args&quot;:{&quot;post_type&quot;:[&quot;post&quot;],&quot;post_status&quot;:[&quot;publish&quot;],&quot;posts_per_page&quot;:&quot;3&quot;},&quot;orderby_query_args&quot;:{&quot;orderby&quot;:{&quot;date&quot;:&quot;DESC&quot;}},&quot;type&quot;:&quot;grid&quot;,&quot;us_grid_ajax_index&quot;:1,&quot;us_grid_filter_params&quot;:null,&quot;us_grid_index&quot;:1,&quot;_us_grid_post_type&quot;:&quot;post&quot;}}'><\/div>\r\n\t<\/div><\/div><\/div><\/div><\/div><\/div><\/section><section class=\"l-section wpb_row height_small\"><div class=\"l-section-h i-cf\"><div class=\"g-cols vc_row via_flex valign_top type_default stacking_default\"><div class=\"vc_col-sm-12 wpb_column vc_column_container\"><div class=\"vc_column-inner\"><div class=\"wpb_wrapper\"><div class=\"wpb_text_column\"><div class=\"wpb_wrapper\"><h2><a href=\"https:\/\/www.raumplanerin.ch\/cms\/category\/ausstellungen\/\">Ausstellungen &#8230;<\/a><\/h2>\n<\/div><\/div><div class=\"w-grid type_grid layout_111 cols_3 overflow_hidden\" id=\"us_grid_2\"><style>#us_grid_2 .w-grid-item{padding:1.5rem}#us_grid_2 .w-grid-list{margin:-1.5rem}.w-grid + #us_grid_2 .w-grid-list,.w-grid-none + #us_grid_2 .w-grid-list{margin-top:1.5rem}@media (max-width:899px){#us_grid_2 .w-grid-item{width:50%}}@media (max-width:599px){#us_grid_2 .w-grid-list{margin:0}#us_grid_2 .w-grid-item{width:100%;padding:0;margin-bottom:1.5rem}}.layout_111 .w-grid-item-h{}.layout_111 .usg_post_title_1{margin-bottom:0.2rem!important;font-family:var(--font-h1)!important;font-size:1.5rem!important;line-height:1.1!important}.layout_111 .usg_post_date_1{font-family:var(--font-body)!important;font-size:0.9rem!important;color:#999999!important}.layout_111 .usg_hwrapper_1{color:#999999!important}.layout_111 .usg_post_taxonomy_1{font-family:var(--font-body)!important;font-size:0.9rem!important}.layout_111 .usg_post_taxonomy_2{font-family:var(--font-body)!important;font-size:0.9rem!important;text-transform:uppercase!important}.layout_111 .usg_post_content_1{font-family:var(--font-body)!important}.layout_111 .usg_post_image_1{padding-bottom:5px!important}@media (max-width:600px){.layout_111 .usg_post_title_1{font-size:1.5rem!important}}<\/style><div class=\"w-grid-list\">\t<article class=\"w-grid-item post-3432 post type-post status-publish format-standard has-post-thumbnail hentry category-ausstellungen category-kultur tag-minimuseum-muerren tag-muerren\" data-id=\"3432\">\r\n\t\t<div class=\"w-grid-item-h\">\r\n\t\t\t\t\t\t<div class=\"w-html usg_html_1\"><hr><\/div><div class=\"w-post-elm post_taxonomy usg_post_taxonomy_2 style_simple\"><a href=\"https:\/\/www.raumplanerin.ch\/cms\/category\/ausstellungen\/\">Ausstellungen<\/a>, <a href=\"https:\/\/www.raumplanerin.ch\/cms\/category\/kultur\/\">Kultur<\/a><\/div><div class=\"w-post-elm post_image usg_post_image_1 stretched\"><a href=\"https:\/\/www.raumplanerin.ch\/cms\/bergtoene-im-lauterbrunnental\/\" aria-label=\"Bergt\u00f6ne im Lauterbrunnental\"><img loading=\"lazy\" decoding=\"async\" width=\"211\" height=\"300\" src=\"https:\/\/www.raumplanerin.ch\/cms\/wp-content\/uploads\/2026\/01\/MiniMuseum-Mu\u0308rren-2026-Karte-V-M-e1768999045948-211x300.jpg\" class=\"attachment-medium size-medium wp-post-image\" alt=\"\" srcset=\"https:\/\/www.raumplanerin.ch\/cms\/wp-content\/uploads\/2026\/01\/MiniMuseum-Mu\u0308rren-2026-Karte-V-M-e1768999045948-211x300.jpg 211w, https:\/\/www.raumplanerin.ch\/cms\/wp-content\/uploads\/2026\/01\/MiniMuseum-Mu\u0308rren-2026-Karte-V-M-e1768999045948-722x1024.jpg 722w, https:\/\/www.raumplanerin.ch\/cms\/wp-content\/uploads\/2026\/01\/MiniMuseum-Mu\u0308rren-2026-Karte-V-M-e1768999045948.jpg 1748w\" sizes=\"auto, (max-width: 211px) 100vw, 211px\" \/><\/a><\/div><h2 class=\"w-post-elm post_title usg_post_title_1 entry-title color_link_inherit\"><a href=\"https:\/\/www.raumplanerin.ch\/cms\/bergtoene-im-lauterbrunnental\/\">Bergt\u00f6ne im Lauterbrunnental<\/a><\/h2><time class=\"w-post-elm post_date usg_post_date_1 entry-date published\" datetime=\"2026-01-21T13:40:34+01:00\">21. Januar 2026<\/time><div class=\"w-post-elm post_content usg_post_content_1\">Die 20. Ausstellung des minimuseumm\u00fcrren ist der Musik im Lauterbrunnental gewidmet. Gedichte und Lieder machten das Tal bekannt. Von den&hellip;<\/div><div class=\"w-hwrapper usg_hwrapper_1 align_left valign_top wrap\"><div class=\"w-post-elm post_taxonomy usg_post_taxonomy_1 style_simple\"><span class=\"w-post-elm-before\"># <\/span><a href=\"https:\/\/www.raumplanerin.ch\/cms\/tag\/minimuseum-muerren\/\" rel=\"tag\">Minimuseum M\u00fcrren<\/a>, <a href=\"https:\/\/www.raumplanerin.ch\/cms\/tag\/muerren\/\" rel=\"tag\">M\u00fcrren<\/a><\/div><\/div>\t\t<\/div>\r\n\t<\/article>\r\n\t<article class=\"w-grid-item post-3402 post type-post status-publish format-standard has-post-thumbnail hentry category-ausstellungen category-kultur tag-minimuseum-muerren\" data-id=\"3402\">\r\n\t\t<div class=\"w-grid-item-h\">\r\n\t\t\t\t\t\t<div class=\"w-html usg_html_1\"><hr><\/div><div class=\"w-post-elm post_taxonomy usg_post_taxonomy_2 style_simple\"><a href=\"https:\/\/www.raumplanerin.ch\/cms\/category\/ausstellungen\/\">Ausstellungen<\/a>, <a href=\"https:\/\/www.raumplanerin.ch\/cms\/category\/kultur\/\">Kultur<\/a><\/div><div class=\"w-post-elm post_image usg_post_image_1 stretched\"><a href=\"https:\/\/www.raumplanerin.ch\/cms\/das-symboltier-im-lebensraum-berg\/\" aria-label=\"Das Symboltier im Lebensraum Berg\"><img loading=\"lazy\" decoding=\"async\" width=\"212\" height=\"300\" src=\"https:\/\/www.raumplanerin.ch\/cms\/wp-content\/uploads\/2024\/12\/MiniMuseum-Plakat-EV1-300-212x300.jpg\" class=\"attachment-medium size-medium wp-post-image\" alt=\"\" srcset=\"https:\/\/www.raumplanerin.ch\/cms\/wp-content\/uploads\/2024\/12\/MiniMuseum-Plakat-EV1-300-212x300.jpg 212w, https:\/\/www.raumplanerin.ch\/cms\/wp-content\/uploads\/2024\/12\/MiniMuseum-Plakat-EV1-300-724x1024.jpg 724w, https:\/\/www.raumplanerin.ch\/cms\/wp-content\/uploads\/2024\/12\/MiniMuseum-Plakat-EV1-300-scaled.jpg 1810w\" sizes=\"auto, (max-width: 212px) 100vw, 212px\" \/><\/a><\/div><h2 class=\"w-post-elm post_title usg_post_title_1 entry-title color_link_inherit\"><a href=\"https:\/\/www.raumplanerin.ch\/cms\/das-symboltier-im-lebensraum-berg\/\">Das Symboltier im Lebensraum Berg<\/a><\/h2><time class=\"w-post-elm post_date usg_post_date_1 entry-date published\" datetime=\"2024-12-21T22:17:39+01:00\">21. Dezember 2024<\/time><div class=\"w-post-elm post_content usg_post_content_1\">Der Steinbock verk\u00f6rpert als Symbol Kraft, Mut, Entschlossenheit und Gewandtheit, ist trittsicher und leichtf\u00fcssig, stolz, ausdauernd, z\u00e4h, sozial, teamfreudig, treu,&hellip;<\/div><div class=\"w-hwrapper usg_hwrapper_1 align_left valign_top wrap\"><div class=\"w-post-elm post_taxonomy usg_post_taxonomy_1 style_simple\"><span class=\"w-post-elm-before\"># <\/span><a href=\"https:\/\/www.raumplanerin.ch\/cms\/tag\/minimuseum-muerren\/\" rel=\"tag\">Minimuseum M\u00fcrren<\/a><\/div><\/div>\t\t<\/div>\r\n\t<\/article>\r\n\t<article class=\"w-grid-item post-766 post type-post status-publish format-standard has-post-thumbnail hentry category-ausstellungen category-quartierarbeit category-vortraege tag-ausserholligen tag-kornhausforum tag-stadtentwicklung\" data-id=\"766\">\r\n\t\t<div class=\"w-grid-item-h\">\r\n\t\t\t\t\t\t<div class=\"w-html usg_html_1\"><hr><\/div><div class=\"w-post-elm post_taxonomy usg_post_taxonomy_2 style_simple\"><a href=\"https:\/\/www.raumplanerin.ch\/cms\/category\/ausstellungen\/\">Ausstellungen<\/a>, <a href=\"https:\/\/www.raumplanerin.ch\/cms\/category\/quartierarbeit\/\">Quartierarbeit<\/a>, <a href=\"https:\/\/www.raumplanerin.ch\/cms\/category\/vortraege\/\">Vortr\u00e4ge<\/a><\/div><div class=\"w-post-elm post_image usg_post_image_1 stretched\"><a href=\"https:\/\/www.raumplanerin.ch\/cms\/vision-stadtquartier\/\" aria-label=\"Vision Stadtquartier\"><img loading=\"lazy\" decoding=\"async\" width=\"211\" height=\"300\" src=\"https:\/\/www.raumplanerin.ch\/cms\/wp-content\/uploads\/2013\/11\/image001-211x300.jpg\" class=\"attachment-medium size-medium wp-post-image\" alt=\"\" srcset=\"https:\/\/www.raumplanerin.ch\/cms\/wp-content\/uploads\/2013\/11\/image001-211x300.jpg 211w, https:\/\/www.raumplanerin.ch\/cms\/wp-content\/uploads\/2013\/11\/image001-722x1024.jpg 722w, https:\/\/www.raumplanerin.ch\/cms\/wp-content\/uploads\/2013\/11\/image001-1083x1536.jpg 1083w, https:\/\/www.raumplanerin.ch\/cms\/wp-content\/uploads\/2013\/11\/image001-1444x2048.jpg 1444w, https:\/\/www.raumplanerin.ch\/cms\/wp-content\/uploads\/2013\/11\/image001.jpg 1531w\" sizes=\"auto, (max-width: 211px) 100vw, 211px\" \/><\/a><\/div><h2 class=\"w-post-elm post_title usg_post_title_1 entry-title color_link_inherit\"><a href=\"https:\/\/www.raumplanerin.ch\/cms\/vision-stadtquartier\/\">Vision Stadtquartier<\/a><\/h2><time class=\"w-post-elm post_date usg_post_date_1 entry-date published\" datetime=\"2023-05-16T23:55:20+02:00\">16. Mai 2023<\/time><div class=\"w-post-elm post_content usg_post_content_1\">Am 12.11.2013 um 18.00 im Kornhausforum Vernissage der Ausstellung Vision (&#8218;swb_a4-1 ) Stadtquartier&#8218; ArchiForum Einladung SWB 2 Kernst\u00fcck des Projektes&hellip;<\/div><div class=\"w-hwrapper usg_hwrapper_1 align_left valign_top wrap\"><div class=\"w-post-elm post_taxonomy usg_post_taxonomy_1 style_simple\"><span class=\"w-post-elm-before\"># <\/span><a href=\"https:\/\/www.raumplanerin.ch\/cms\/tag\/ausserholligen\/\" rel=\"tag\">Ausserholligen<\/a>, <a href=\"https:\/\/www.raumplanerin.ch\/cms\/tag\/kornhausforum\/\" rel=\"tag\">Kornhausforum<\/a>, <a href=\"https:\/\/www.raumplanerin.ch\/cms\/tag\/stadtentwicklung\/\" rel=\"tag\">Stadtentwicklung<\/a><\/div><\/div>\t\t<\/div>\r\n\t<\/article>\r\n<\/div><div class=\"w-grid-preloader\"><div class=\"g-preloader type_1\">\r\n\t<div><\/div>\r\n<\/div>\r\n<\/div>\t<div class=\"w-grid-json hidden\" onclick='return {&quot;action&quot;:&quot;us_ajax_grid&quot;,&quot;ajax_url&quot;:&quot;https:\\\/\\\/www.raumplanerin.ch\\\/cms\\\/wp-admin\\\/admin-ajax.php&quot;,&quot;infinite_scroll&quot;:0,&quot;max_num_pages&quot;:9,&quot;pagination&quot;:&quot;none&quot;,&quot;permalink_url&quot;:&quot;https:\\\/\\\/www.raumplanerin.ch\\\/cms\\\/wp-json\\\/wp\\\/v2\\\/pages\\\/106&quot;,&quot;template_vars&quot;:{&quot;columns&quot;:&quot;3&quot;,&quot;exclude_items&quot;:&quot;none&quot;,&quot;img_size&quot;:&quot;default&quot;,&quot;ignore_items_size&quot;:false,&quot;items_layout&quot;:&quot;111&quot;,&quot;items_offset&quot;:&quot;1&quot;,&quot;load_animation&quot;:&quot;none&quot;,&quot;overriding_link&quot;:&quot;none&quot;,&quot;post_id&quot;:3421,&quot;query_args&quot;:{&quot;post_type&quot;:[&quot;post&quot;],&quot;tax_query&quot;:[{&quot;taxonomy&quot;:&quot;category&quot;,&quot;field&quot;:&quot;slug&quot;,&quot;terms&quot;:[&quot;ausstellungen&quot;]}],&quot;post_status&quot;:[&quot;publish&quot;],&quot;posts_per_page&quot;:&quot;3&quot;},&quot;orderby_query_args&quot;:{&quot;orderby&quot;:{&quot;date&quot;:&quot;DESC&quot;}},&quot;type&quot;:&quot;grid&quot;,&quot;us_grid_ajax_index&quot;:1,&quot;us_grid_filter_params&quot;:null,&quot;us_grid_index&quot;:2,&quot;_us_grid_post_type&quot;:&quot;post&quot;}}'><\/div>\r\n\t<\/div><\/div><\/div><\/div><\/div><\/div><\/section><section class=\"l-section wpb_row height_small\"><div class=\"l-section-h i-cf\"><div class=\"g-cols vc_row via_flex valign_top type_default stacking_default\"><div class=\"vc_col-sm-12 wpb_column vc_column_container\"><div class=\"vc_column-inner\"><div class=\"wpb_wrapper\"><div class=\"wpb_text_column\"><div class=\"wpb_wrapper\"><h2><a href=\"https:\/\/www.raumplanerin.ch\/cms\/category\/vorstoesse\/\">Vorst\u00f6sse &#8230;<\/a><\/h2>\n<\/div><\/div><div class=\"w-grid type_grid layout_111 cols_3 overflow_hidden\" id=\"us_grid_3\"><style>#us_grid_3 .w-grid-item{padding:1.5rem}#us_grid_3 .w-grid-list{margin:-1.5rem}.w-grid + #us_grid_3 .w-grid-list,.w-grid-none + #us_grid_3 .w-grid-list{margin-top:1.5rem}@media (max-width:899px){#us_grid_3 .w-grid-item{width:50%}}@media (max-width:599px){#us_grid_3 .w-grid-list{margin:0}#us_grid_3 .w-grid-item{width:100%;padding:0;margin-bottom:1.5rem}}<\/style><div class=\"w-grid-list\">\t<article class=\"w-grid-item post-3314 post type-post status-publish format-standard has-post-thumbnail hentry category-artikel category-vorstoesse category-wettbewerb category-wohnen tag-gaswerkareal\" data-id=\"3314\">\r\n\t\t<div class=\"w-grid-item-h\">\r\n\t\t\t\t\t\t<div class=\"w-html usg_html_1\"><hr><\/div><div class=\"w-post-elm post_taxonomy usg_post_taxonomy_2 style_simple\"><a href=\"https:\/\/www.raumplanerin.ch\/cms\/category\/artikel\/\">Artikel<\/a>, <a href=\"https:\/\/www.raumplanerin.ch\/cms\/category\/vorstoesse\/\">Vorst\u00f6sse<\/a>, <a href=\"https:\/\/www.raumplanerin.ch\/cms\/category\/wettbewerb\/\">Wettbewerb<\/a>, <a href=\"https:\/\/www.raumplanerin.ch\/cms\/category\/wohnen\/\">Wohnen<\/a><\/div><div class=\"w-post-elm post_image usg_post_image_1 stretched\"><a href=\"https:\/\/www.raumplanerin.ch\/cms\/die-400-wohnungen-auf-dem-gaswerkareal-kommen-spaeter-als-geplant\/\" aria-label=\"Die 400 Wohnungen auf dem Gaswerkareal kommen sp\u00e4ter als geplant\"><img loading=\"lazy\" decoding=\"async\" width=\"300\" height=\"289\" src=\"https:\/\/www.raumplanerin.ch\/cms\/wp-content\/uploads\/2023\/11\/IMG_1970-scaled-e1725697050556-300x289.jpg\" class=\"attachment-medium size-medium wp-post-image\" alt=\"\" srcset=\"https:\/\/www.raumplanerin.ch\/cms\/wp-content\/uploads\/2023\/11\/IMG_1970-scaled-e1725697050556-300x289.jpg 300w, https:\/\/www.raumplanerin.ch\/cms\/wp-content\/uploads\/2023\/11\/IMG_1970-scaled-e1725697050556-1024x986.jpg 1024w, https:\/\/www.raumplanerin.ch\/cms\/wp-content\/uploads\/2023\/11\/IMG_1970-scaled-e1725697050556.jpg 1862w\" sizes=\"auto, (max-width: 300px) 100vw, 300px\" \/><\/a><\/div><h2 class=\"w-post-elm post_title usg_post_title_1 entry-title color_link_inherit\"><a href=\"https:\/\/www.raumplanerin.ch\/cms\/die-400-wohnungen-auf-dem-gaswerkareal-kommen-spaeter-als-geplant\/\">Die 400 Wohnungen auf dem Gaswerkareal kommen sp\u00e4ter als geplant<\/a><\/h2><time class=\"w-post-elm post_date usg_post_date_1 entry-date published\" datetime=\"2023-11-22T09:30:26+01:00\">22. November 2023<\/time><div class=\"w-post-elm post_content usg_post_content_1\">Eine Ausstellung zeigt, wie das neue Quartier an der Aare aussehen soll. Noch sind aber zentrale Fragen zu kl\u00e4ren. Christoph&hellip;<\/div><div class=\"w-hwrapper usg_hwrapper_1 align_left valign_top wrap\"><div class=\"w-post-elm post_taxonomy usg_post_taxonomy_1 style_simple\"><span class=\"w-post-elm-before\"># <\/span><a href=\"https:\/\/www.raumplanerin.ch\/cms\/tag\/gaswerkareal\/\" rel=\"tag\">Gaswerkareal<\/a><\/div><\/div>\t\t<\/div>\r\n\t<\/article>\r\n\t<article class=\"w-grid-item post-2986 post type-post status-publish format-standard has-post-thumbnail hentry category-mitwirkungen-einsprachen category-vorstoesse tag-hirschengraben tag-maulbeeri tag-schwimmhalle tag-stadtteil-3\" data-id=\"2986\">\r\n\t\t<div class=\"w-grid-item-h\">\r\n\t\t\t\t\t\t<div class=\"w-html usg_html_1\"><hr><\/div><div class=\"w-post-elm post_taxonomy usg_post_taxonomy_2 style_simple\"><a href=\"https:\/\/www.raumplanerin.ch\/cms\/category\/mitwirkungen-einsprachen\/\">Mitw\/Einspr<\/a>, <a href=\"https:\/\/www.raumplanerin.ch\/cms\/category\/vorstoesse\/\">Vorst\u00f6sse<\/a><\/div><div class=\"w-post-elm post_image usg_post_image_1 stretched\"><a href=\"https:\/\/www.raumplanerin.ch\/cms\/stadt-prueft-zwischennutzung-im-mubeeri\/\" aria-label=\"Nach fast 100 Jahren Abschied vom Berner Kult-Schwimmbad Mubeeri\"><img loading=\"lazy\" decoding=\"async\" width=\"300\" height=\"296\" src=\"https:\/\/www.raumplanerin.ch\/cms\/wp-content\/uploads\/2021\/08\/L1330239-e1690745804221-300x296.jpeg\" class=\"attachment-medium size-medium wp-post-image\" alt=\"\" srcset=\"https:\/\/www.raumplanerin.ch\/cms\/wp-content\/uploads\/2021\/08\/L1330239-e1690745804221-300x296.jpeg 300w, https:\/\/www.raumplanerin.ch\/cms\/wp-content\/uploads\/2021\/08\/L1330239-e1690745804221.jpeg 846w\" sizes=\"auto, (max-width: 300px) 100vw, 300px\" \/><\/a><\/div><h2 class=\"w-post-elm post_title usg_post_title_1 entry-title color_link_inherit\"><a href=\"https:\/\/www.raumplanerin.ch\/cms\/stadt-prueft-zwischennutzung-im-mubeeri\/\">Nach fast 100 Jahren Abschied vom Berner Kult-Schwimmbad Mubeeri<\/a><\/h2><time class=\"w-post-elm post_date usg_post_date_1 entry-date published\" datetime=\"2023-05-22T15:05:35+02:00\">22. Mai 2023<\/time><div class=\"w-post-elm post_content usg_post_content_1\">Nun soll das Maulbeeri tats\u00e4chlich geschlossen werden. Aus dem Blick der Nachhaltigkeit v\u00f6llig unverst\u00e4ndlich, auch aus der Genderperspektive. Und, noch&hellip;<\/div><div class=\"w-hwrapper usg_hwrapper_1 align_left valign_top wrap\"><div class=\"w-post-elm post_taxonomy usg_post_taxonomy_1 style_simple\"><span class=\"w-post-elm-before\"># <\/span><a href=\"https:\/\/www.raumplanerin.ch\/cms\/tag\/hirschengraben\/\" rel=\"tag\">Hirschengraben<\/a>, <a href=\"https:\/\/www.raumplanerin.ch\/cms\/tag\/maulbeeri\/\" rel=\"tag\">Maulbeeri<\/a>, <a href=\"https:\/\/www.raumplanerin.ch\/cms\/tag\/schwimmhalle\/\" rel=\"tag\">Schwimmhalle<\/a>, <a href=\"https:\/\/www.raumplanerin.ch\/cms\/tag\/stadtteil-3\/\" rel=\"tag\">Stadtteil 3<\/a><\/div><\/div>\t\t<\/div>\r\n\t<\/article>\r\n\t<article class=\"w-grid-item post-3085 post type-post status-publish format-standard has-post-thumbnail hentry category-artikel category-stadtrat category-vorstoesse tag-ausserholligen tag-stadtentwicklung tag-swb\" data-id=\"3085\">\r\n\t\t<div class=\"w-grid-item-h\">\r\n\t\t\t\t\t\t<div class=\"w-html usg_html_1\"><hr><\/div><div class=\"w-post-elm post_taxonomy usg_post_taxonomy_2 style_simple\"><a href=\"https:\/\/www.raumplanerin.ch\/cms\/category\/artikel\/\">Artikel<\/a>, <a href=\"https:\/\/www.raumplanerin.ch\/cms\/category\/stadtrat\/\">Stadtrat<\/a>, <a href=\"https:\/\/www.raumplanerin.ch\/cms\/category\/vorstoesse\/\">Vorst\u00f6sse<\/a><\/div><div class=\"w-post-elm post_image usg_post_image_1 stretched\"><a href=\"https:\/\/www.raumplanerin.ch\/cms\/352-millionen-kreditgrossratskommission-unterstuetzt-neuen-bfh-campus-in-bern\/\" aria-label=\"352-Millionen-KreditGrossratskommission unterst\u00fctzt neuen BFH-Campus in Bern\"><img loading=\"lazy\" decoding=\"async\" width=\"300\" height=\"298\" src=\"https:\/\/www.raumplanerin.ch\/cms\/wp-content\/uploads\/2014\/09\/final_innerholigen_revA_A4-scaled-e1690745876234-300x298.jpg\" class=\"attachment-medium size-medium wp-post-image\" alt=\"\" srcset=\"https:\/\/www.raumplanerin.ch\/cms\/wp-content\/uploads\/2014\/09\/final_innerholigen_revA_A4-scaled-e1690745876234-300x298.jpg 300w, https:\/\/www.raumplanerin.ch\/cms\/wp-content\/uploads\/2014\/09\/final_innerholigen_revA_A4-scaled-e1690745876234-1024x1018.jpg 1024w, https:\/\/www.raumplanerin.ch\/cms\/wp-content\/uploads\/2014\/09\/final_innerholigen_revA_A4-scaled-e1690745876234-150x150.jpg 150w\" sizes=\"auto, (max-width: 300px) 100vw, 300px\" \/><\/a><\/div><h2 class=\"w-post-elm post_title usg_post_title_1 entry-title color_link_inherit\"><a href=\"https:\/\/www.raumplanerin.ch\/cms\/352-millionen-kreditgrossratskommission-unterstuetzt-neuen-bfh-campus-in-bern\/\">352-Millionen-KreditGrossratskommission unterst\u00fctzt neuen BFH-Campus in Bern<\/a><\/h2><time class=\"w-post-elm post_date usg_post_date_1 entry-date published\" datetime=\"2022-08-23T21:47:25+02:00\">23. August 2022<\/time><div class=\"w-post-elm post_content usg_post_content_1\">Im Gebiet Weyermannshaus in Bern soll ein neuer Campus der Berner Fachochschule entstehen. Die grossr\u00e4tliche Bau-, Energie-, Verkehrs- und Raumplanungskommission&hellip;<\/div><div class=\"w-hwrapper usg_hwrapper_1 align_left valign_top wrap\"><div class=\"w-post-elm post_taxonomy usg_post_taxonomy_1 style_simple\"><span class=\"w-post-elm-before\"># <\/span><a href=\"https:\/\/www.raumplanerin.ch\/cms\/tag\/ausserholligen\/\" rel=\"tag\">Ausserholligen<\/a>, <a href=\"https:\/\/www.raumplanerin.ch\/cms\/tag\/stadtentwicklung\/\" rel=\"tag\">Stadtentwicklung<\/a>, <a href=\"https:\/\/www.raumplanerin.ch\/cms\/tag\/swb\/\" rel=\"tag\">SWB<\/a><\/div><\/div>\t\t<\/div>\r\n\t<\/article>\r\n<\/div><div class=\"w-grid-preloader\"><div class=\"g-preloader type_1\">\r\n\t<div><\/div>\r\n<\/div>\r\n<\/div>\t<div class=\"w-grid-json hidden\" onclick='return {&quot;action&quot;:&quot;us_ajax_grid&quot;,&quot;ajax_url&quot;:&quot;https:\\\/\\\/www.raumplanerin.ch\\\/cms\\\/wp-admin\\\/admin-ajax.php&quot;,&quot;infinite_scroll&quot;:0,&quot;max_num_pages&quot;:48,&quot;pagination&quot;:&quot;none&quot;,&quot;permalink_url&quot;:&quot;https:\\\/\\\/www.raumplanerin.ch\\\/cms\\\/wp-json\\\/wp\\\/v2\\\/pages\\\/106&quot;,&quot;template_vars&quot;:{&quot;columns&quot;:&quot;3&quot;,&quot;exclude_items&quot;:&quot;none&quot;,&quot;img_size&quot;:&quot;default&quot;,&quot;ignore_items_size&quot;:false,&quot;items_layout&quot;:&quot;111&quot;,&quot;items_offset&quot;:&quot;1&quot;,&quot;load_animation&quot;:&quot;none&quot;,&quot;overriding_link&quot;:&quot;none&quot;,&quot;post_id&quot;:766,&quot;query_args&quot;:{&quot;post_type&quot;:[&quot;post&quot;],&quot;tax_query&quot;:[{&quot;taxonomy&quot;:&quot;category&quot;,&quot;field&quot;:&quot;slug&quot;,&quot;terms&quot;:[&quot;vorstoesse&quot;]}],&quot;post_status&quot;:[&quot;publish&quot;],&quot;posts_per_page&quot;:&quot;3&quot;},&quot;orderby_query_args&quot;:{&quot;orderby&quot;:{&quot;date&quot;:&quot;DESC&quot;}},&quot;type&quot;:&quot;grid&quot;,&quot;us_grid_ajax_index&quot;:1,&quot;us_grid_filter_params&quot;:null,&quot;us_grid_index&quot;:3,&quot;_us_grid_post_type&quot;:&quot;post&quot;}}'><\/div>\r\n\t<\/div><\/div><\/div><\/div><\/div><\/div><\/section><section class=\"l-section wpb_row height_small\"><div class=\"l-section-h i-cf\"><div class=\"g-cols vc_row via_flex valign_top type_default stacking_default\"><div class=\"vc_col-sm-12 wpb_column vc_column_container\"><div class=\"vc_column-inner\"><div class=\"wpb_wrapper\"><div class=\"wpb_text_column\"><div class=\"wpb_wrapper\"><h2><a href=\"https:\/\/www.raumplanerin.ch\/cms\/category\/wohnen\/\">Wohnen &#8230;<\/a><\/h2>\n<\/div><\/div><div class=\"w-grid type_grid layout_111 cols_3 overflow_hidden\" id=\"us_grid_4\"><style>#us_grid_4 .w-grid-item{padding:1.5rem}#us_grid_4 .w-grid-list{margin:-1.5rem}.w-grid + #us_grid_4 .w-grid-list,.w-grid-none + #us_grid_4 .w-grid-list{margin-top:1.5rem}@media (max-width:899px){#us_grid_4 .w-grid-item{width:50%}}@media (max-width:599px){#us_grid_4 .w-grid-list{margin:0}#us_grid_4 .w-grid-item{width:100%;padding:0;margin-bottom:1.5rem}}<\/style><div class=\"w-grid-list\">\t<article class=\"w-grid-item post-3425 post type-post status-publish format-standard has-post-thumbnail hentry category-artikel category-wohnen tag-ausserholligen tag-ewb\" data-id=\"3425\">\r\n\t\t<div class=\"w-grid-item-h\">\r\n\t\t\t\t\t\t<div class=\"w-html usg_html_1\"><hr><\/div><div class=\"w-post-elm post_taxonomy usg_post_taxonomy_2 style_simple\"><a href=\"https:\/\/www.raumplanerin.ch\/cms\/category\/artikel\/\">Artikel<\/a>, <a href=\"https:\/\/www.raumplanerin.ch\/cms\/category\/wohnen\/\">Wohnen<\/a><\/div><div class=\"w-post-elm post_image usg_post_image_1 stretched\"><a href=\"https:\/\/www.raumplanerin.ch\/cms\/ausserholligen-neues-quartier-mit-200-wohnungen\/\" aria-label=\"Ausserholligen &#8211;  Neues Quartier mit 200 Wohnungen &#8211; Stadt will Areal nicht kaufen\"><img loading=\"lazy\" decoding=\"async\" width=\"300\" height=\"289\" src=\"https:\/\/www.raumplanerin.ch\/cms\/wp-content\/uploads\/2026\/01\/DSC05776-scaled-e1768998653596-300x289.jpg\" class=\"attachment-medium size-medium wp-post-image\" alt=\"\" srcset=\"https:\/\/www.raumplanerin.ch\/cms\/wp-content\/uploads\/2026\/01\/DSC05776-scaled-e1768998653596-300x289.jpg 300w, https:\/\/www.raumplanerin.ch\/cms\/wp-content\/uploads\/2026\/01\/DSC05776-scaled-e1768998653596-1024x985.jpg 1024w, https:\/\/www.raumplanerin.ch\/cms\/wp-content\/uploads\/2026\/01\/DSC05776-scaled-e1768998653596.jpg 1994w\" sizes=\"auto, (max-width: 300px) 100vw, 300px\" \/><\/a><\/div><h2 class=\"w-post-elm post_title usg_post_title_1 entry-title color_link_inherit\"><a href=\"https:\/\/www.raumplanerin.ch\/cms\/ausserholligen-neues-quartier-mit-200-wohnungen\/\">Ausserholligen &#8211;  Neues Quartier mit 200 Wohnungen &#8211; Stadt will Areal nicht kaufen<\/a><\/h2><time class=\"w-post-elm post_date usg_post_date_1 entry-date published\" datetime=\"2026-01-21T13:19:45+01:00\">21. Januar 2026<\/time><div class=\"w-post-elm post_content usg_post_content_1\">Mehr als 1000 Arbeitspl\u00e4tze, \u00fcber 200 genossenschaftliche Wohnungen, 600 Veloabstellpl\u00e4tze und wenig Parkpl\u00e4tze sind im Westen von Bern geplant. Stadt&hellip;<\/div><div class=\"w-hwrapper usg_hwrapper_1 align_left valign_top wrap\"><div class=\"w-post-elm post_taxonomy usg_post_taxonomy_1 style_simple\"><span class=\"w-post-elm-before\"># <\/span><a href=\"https:\/\/www.raumplanerin.ch\/cms\/tag\/ausserholligen\/\" rel=\"tag\">Ausserholligen<\/a>, <a href=\"https:\/\/www.raumplanerin.ch\/cms\/tag\/ewb\/\" rel=\"tag\">EWB<\/a><\/div><\/div>\t\t<\/div>\r\n\t<\/article>\r\n\t<article class=\"w-grid-item post-3394 post type-post status-publish format-standard has-post-thumbnail hentry category-artikel category-mitwirkungen-einsprachen category-wohnen tag-gaswerkareal tag-stadtentwicklung\" data-id=\"3394\">\r\n\t\t<div class=\"w-grid-item-h\">\r\n\t\t\t\t\t\t<div class=\"w-html usg_html_1\"><hr><\/div><div class=\"w-post-elm post_taxonomy usg_post_taxonomy_2 style_simple\"><a href=\"https:\/\/www.raumplanerin.ch\/cms\/category\/artikel\/\">Artikel<\/a>, <a href=\"https:\/\/www.raumplanerin.ch\/cms\/category\/mitwirkungen-einsprachen\/\">Mitw\/Einspr<\/a>, <a href=\"https:\/\/www.raumplanerin.ch\/cms\/category\/wohnen\/\">Wohnen<\/a><\/div><div class=\"w-post-elm post_image usg_post_image_1 stretched\"><a href=\"https:\/\/www.raumplanerin.ch\/cms\/stadt-bern-riskiert-beim-gaswerkareal-die-eskalation\/\" aria-label=\"Stadt Bern riskiert beim Gaswerkareal die Eskalation\"><img loading=\"lazy\" decoding=\"async\" width=\"300\" height=\"288\" src=\"https:\/\/www.raumplanerin.ch\/cms\/wp-content\/uploads\/2024\/09\/DSC08528-scaled-e1725696487783-300x288.jpg\" class=\"attachment-medium size-medium wp-post-image\" alt=\"\" srcset=\"https:\/\/www.raumplanerin.ch\/cms\/wp-content\/uploads\/2024\/09\/DSC08528-scaled-e1725696487783-300x288.jpg 300w, https:\/\/www.raumplanerin.ch\/cms\/wp-content\/uploads\/2024\/09\/DSC08528-scaled-e1725696487783-1024x982.jpg 1024w, https:\/\/www.raumplanerin.ch\/cms\/wp-content\/uploads\/2024\/09\/DSC08528-scaled-e1725696487783.jpg 2003w\" sizes=\"auto, (max-width: 300px) 100vw, 300px\" \/><\/a><\/div><h2 class=\"w-post-elm post_title usg_post_title_1 entry-title color_link_inherit\"><a href=\"https:\/\/www.raumplanerin.ch\/cms\/stadt-bern-riskiert-beim-gaswerkareal-die-eskalation\/\">Stadt Bern riskiert beim Gaswerkareal die Eskalation<\/a><\/h2><time class=\"w-post-elm post_date usg_post_date_1 entry-date published\" datetime=\"2024-09-07T10:00:44+02:00\">7. September 2024<\/time><div class=\"w-post-elm post_content usg_post_content_1\">Gaswerkareal_Bund_07_09_2024<\/div><div class=\"w-hwrapper usg_hwrapper_1 align_left valign_top wrap\"><div class=\"w-post-elm post_taxonomy usg_post_taxonomy_1 style_simple\"><span class=\"w-post-elm-before\"># <\/span><a href=\"https:\/\/www.raumplanerin.ch\/cms\/tag\/gaswerkareal\/\" rel=\"tag\">Gaswerkareal<\/a>, <a href=\"https:\/\/www.raumplanerin.ch\/cms\/tag\/stadtentwicklung\/\" rel=\"tag\">Stadtentwicklung<\/a><\/div><\/div>\t\t<\/div>\r\n\t<\/article>\r\n\t<article class=\"w-grid-item post-3387 post type-post status-publish format-standard has-post-thumbnail hentry category-artikel category-wohnen category-baukultur tag-wohnbaupolitik\" data-id=\"3387\">\r\n\t\t<div class=\"w-grid-item-h\">\r\n\t\t\t\t\t\t<div class=\"w-html usg_html_1\"><hr><\/div><div class=\"w-post-elm post_taxonomy usg_post_taxonomy_2 style_simple\"><a href=\"https:\/\/www.raumplanerin.ch\/cms\/category\/artikel\/\">Artikel<\/a>, <a href=\"https:\/\/www.raumplanerin.ch\/cms\/category\/wohnen\/\">Wohnen<\/a>, <a href=\"https:\/\/www.raumplanerin.ch\/cms\/category\/baukultur\/\">Baukultur<\/a><\/div><div class=\"w-post-elm post_image usg_post_image_1 stretched\"><a href=\"https:\/\/www.raumplanerin.ch\/cms\/chaos-bei-der-berner-immobilienpolitik\/\" aria-label=\"Chaos bei der Berner  Immobilienpolitik?\"><img loading=\"lazy\" decoding=\"async\" width=\"300\" height=\"290\" src=\"https:\/\/www.raumplanerin.ch\/cms\/wp-content\/uploads\/2024\/08\/IMG_3824-e1725696539835-300x290.jpg\" class=\"attachment-medium size-medium wp-post-image\" alt=\"\" srcset=\"https:\/\/www.raumplanerin.ch\/cms\/wp-content\/uploads\/2024\/08\/IMG_3824-e1725696539835-300x290.jpg 300w, https:\/\/www.raumplanerin.ch\/cms\/wp-content\/uploads\/2024\/08\/IMG_3824-e1725696539835.jpg 472w\" sizes=\"auto, (max-width: 300px) 100vw, 300px\" \/><\/a><\/div><h2 class=\"w-post-elm post_title usg_post_title_1 entry-title color_link_inherit\"><a href=\"https:\/\/www.raumplanerin.ch\/cms\/chaos-bei-der-berner-immobilienpolitik\/\">Chaos bei der Berner  Immobilienpolitik?<\/a><\/h2><time class=\"w-post-elm post_date usg_post_date_1 entry-date published\" datetime=\"2024-08-29T12:05:05+02:00\">29. August 2024<\/time><div class=\"w-post-elm post_content usg_post_content_1\">Da fragt man sich doch, was soll die Zwischennutzung? Und warum handelt es sich dabei um B\u00fcrozwischennutzungen? Warum haben die&hellip;<\/div><div class=\"w-hwrapper usg_hwrapper_1 align_left valign_top wrap\"><div class=\"w-post-elm post_taxonomy usg_post_taxonomy_1 style_simple\"><span class=\"w-post-elm-before\"># <\/span><a href=\"https:\/\/www.raumplanerin.ch\/cms\/tag\/wohnbaupolitik\/\" rel=\"tag\">Wohnbaupolitik<\/a><\/div><\/div>\t\t<\/div>\r\n\t<\/article>\r\n<\/div><div class=\"w-grid-preloader\"><div class=\"g-preloader type_1\">\r\n\t<div><\/div>\r\n<\/div>\r\n<\/div>\t<div class=\"w-grid-json hidden\" onclick='return {&quot;action&quot;:&quot;us_ajax_grid&quot;,&quot;ajax_url&quot;:&quot;https:\\\/\\\/www.raumplanerin.ch\\\/cms\\\/wp-admin\\\/admin-ajax.php&quot;,&quot;infinite_scroll&quot;:0,&quot;max_num_pages&quot;:19,&quot;pagination&quot;:&quot;none&quot;,&quot;permalink_url&quot;:&quot;https:\\\/\\\/www.raumplanerin.ch\\\/cms\\\/wp-json\\\/wp\\\/v2\\\/pages\\\/106&quot;,&quot;template_vars&quot;:{&quot;columns&quot;:&quot;3&quot;,&quot;exclude_items&quot;:&quot;none&quot;,&quot;img_size&quot;:&quot;default&quot;,&quot;ignore_items_size&quot;:false,&quot;items_layout&quot;:&quot;111&quot;,&quot;items_offset&quot;:&quot;1&quot;,&quot;load_animation&quot;:&quot;none&quot;,&quot;overriding_link&quot;:&quot;none&quot;,&quot;post_id&quot;:3085,&quot;query_args&quot;:{&quot;post_type&quot;:[&quot;post&quot;],&quot;tax_query&quot;:[{&quot;taxonomy&quot;:&quot;category&quot;,&quot;field&quot;:&quot;slug&quot;,&quot;terms&quot;:[&quot;wohnen&quot;]}],&quot;post_status&quot;:[&quot;publish&quot;],&quot;posts_per_page&quot;:&quot;3&quot;},&quot;orderby_query_args&quot;:{&quot;orderby&quot;:{&quot;date&quot;:&quot;DESC&quot;}},&quot;type&quot;:&quot;grid&quot;,&quot;us_grid_ajax_index&quot;:1,&quot;us_grid_filter_params&quot;:null,&quot;us_grid_index&quot;:4,&quot;_us_grid_post_type&quot;:&quot;post&quot;}}'><\/div>\r\n\t<\/div><div class=\"w-separator size_medium\"><\/div><\/div><\/div><\/div><\/div><\/div><\/section><section class=\"l-section wpb_row height_small\"><div class=\"l-section-h i-cf\"><div class=\"g-cols vc_row via_flex valign_top type_default stacking_default\"><div class=\"vc_col-sm-12 wpb_column vc_column_container\"><div class=\"vc_column-inner\"><div class=\"wpb_wrapper\"><div class=\"wpb_text_column\"><div class=\"wpb_wrapper\"><h2><a href=\"https:\/\/www.raumplanerin.ch\/cms\/wankdorf\/\">Wankdorf &#8230;<\/a><\/h2>\n<\/div><\/div><div class=\"w-grid type_grid layout_111 cols_3 overflow_hidden\" id=\"us_grid_5\"><style>#us_grid_5 .w-grid-item{padding:1.5rem}#us_grid_5 .w-grid-list{margin:-1.5rem}.w-grid + #us_grid_5 .w-grid-list,.w-grid-none + #us_grid_5 .w-grid-list{margin-top:1.5rem}@media (max-width:899px){#us_grid_5 .w-grid-item{width:50%}}@media (max-width:599px){#us_grid_5 .w-grid-list{margin:0}#us_grid_5 .w-grid-item{width:100%;padding:0;margin-bottom:1.5rem}}<\/style><div class=\"w-grid-list\">\t<article class=\"w-grid-item post-3277 post type-post status-publish format-standard has-post-thumbnail hentry category-stadtrat category-verkehrspolitik category-wohnen tag-wankdorf tag-wankdorfcity\" data-id=\"3277\">\r\n\t\t<div class=\"w-grid-item-h\">\r\n\t\t\t\t\t\t<div class=\"w-html usg_html_1\"><hr><\/div><div class=\"w-post-elm post_taxonomy usg_post_taxonomy_2 style_simple\"><a href=\"https:\/\/www.raumplanerin.ch\/cms\/category\/stadtrat\/\">Stadtrat<\/a>, <a href=\"https:\/\/www.raumplanerin.ch\/cms\/category\/verkehrspolitik\/\">Verkehrspolitik<\/a>, <a href=\"https:\/\/www.raumplanerin.ch\/cms\/category\/wohnen\/\">Wohnen<\/a><\/div><div class=\"w-post-elm post_image usg_post_image_1 stretched\"><a href=\"https:\/\/www.raumplanerin.ch\/cms\/wohnungsnot\/\" aria-label=\"Wohnungsnot im neuen Quartier Wankdorfcity?\"><img loading=\"lazy\" decoding=\"async\" width=\"300\" height=\"213\" src=\"https:\/\/www.raumplanerin.ch\/cms\/wp-content\/uploads\/2010\/07\/untitled-300x213.jpg\" class=\"attachment-medium size-medium wp-post-image\" alt=\"\" srcset=\"https:\/\/www.raumplanerin.ch\/cms\/wp-content\/uploads\/2010\/07\/untitled-300x213.jpg 300w, https:\/\/www.raumplanerin.ch\/cms\/wp-content\/uploads\/2010\/07\/untitled.bmp 450w\" sizes=\"auto, (max-width: 300px) 100vw, 300px\" \/><\/a><\/div><h2 class=\"w-post-elm post_title usg_post_title_1 entry-title color_link_inherit\"><a href=\"https:\/\/www.raumplanerin.ch\/cms\/wohnungsnot\/\">Wohnungsnot im neuen Quartier Wankdorfcity?<\/a><\/h2><time class=\"w-post-elm post_date usg_post_date_1 entry-date published\" datetime=\"2023-08-18T08:39:22+02:00\">18. August 2023<\/time><div class=\"w-post-elm post_content usg_post_content_1\">Besch\u00e4ftigte: 29690 und Wohnende: 4380. Was lief hier falsch? &#8218;Die Anzahl Besch\u00e4ftigte nahm zwischen 2011 (20&#8217;350) und 2020 (29&#8217;690) um&hellip;<\/div><div class=\"w-hwrapper usg_hwrapper_1 align_left valign_top wrap\"><div class=\"w-post-elm post_taxonomy usg_post_taxonomy_1 style_simple\"><span class=\"w-post-elm-before\"># <\/span><a href=\"https:\/\/www.raumplanerin.ch\/cms\/tag\/wankdorf\/\" rel=\"tag\">Wankdorf<\/a>, <a href=\"https:\/\/www.raumplanerin.ch\/cms\/tag\/wankdorfcity\/\" rel=\"tag\">WankdorfCity<\/a><\/div><\/div>\t\t<\/div>\r\n\t<\/article>\r\n\t<article class=\"w-grid-item post-3020 post type-post status-publish format-standard hentry category-artikel tag-fussball tag-fussverkehr tag-wankdorf\" data-id=\"3020\">\r\n\t\t<div class=\"w-grid-item-h\">\r\n\t\t\t\t\t\t<div class=\"w-html usg_html_1\"><hr><\/div><div class=\"w-post-elm post_taxonomy usg_post_taxonomy_2 style_simple\"><a href=\"https:\/\/www.raumplanerin.ch\/cms\/category\/artikel\/\">Artikel<\/a><\/div><h2 class=\"w-post-elm post_title usg_post_title_1 entry-title color_link_inherit\"><a href=\"https:\/\/www.raumplanerin.ch\/cms\/cupfinal-am-sonntag-fanmaersche-sorgen-rund-ums-wankdorf-fuer-einschraenkungen\/\">Cupfinal am Sonntag &#8211; Fanm\u00e4rsche sorgen rund ums Wankdorf f\u00fcr Einschr\u00e4nkungen<\/a><\/h2><time class=\"w-post-elm post_date usg_post_date_1 entry-date published\" datetime=\"2022-05-16T22:51:14+02:00\">16. Mai 2022<\/time><div class=\"w-post-elm post_content usg_post_content_1\">Die Kantonspolizei warnt vor Verkehrsbehinderungen in Bern und Ostermundigen vor dem Cupfinal zwischen Lugano und St. Gallen. Fanm\u00e4rsche &nbsp;<\/div><div class=\"w-hwrapper usg_hwrapper_1 align_left valign_top wrap\"><div class=\"w-post-elm post_taxonomy usg_post_taxonomy_1 style_simple\"><span class=\"w-post-elm-before\"># <\/span><a href=\"https:\/\/www.raumplanerin.ch\/cms\/tag\/fussball\/\" rel=\"tag\">Fussball<\/a>, <a href=\"https:\/\/www.raumplanerin.ch\/cms\/tag\/fussverkehr\/\" rel=\"tag\">Fussverkehr<\/a>, <a href=\"https:\/\/www.raumplanerin.ch\/cms\/tag\/wankdorf\/\" rel=\"tag\">Wankdorf<\/a><\/div><\/div>\t\t<\/div>\r\n\t<\/article>\r\n\t<article class=\"w-grid-item post-2714 post type-post status-publish format-standard hentry category-artikel category-vorstoesse tag-quartier tag-wankdorf tag-wankdorfcity tag-wettbewerbe tag-wohnen\" data-id=\"2714\">\r\n\t\t<div class=\"w-grid-item-h\">\r\n\t\t\t\t\t\t<div class=\"w-html usg_html_1\"><hr><\/div><div class=\"w-post-elm post_taxonomy usg_post_taxonomy_2 style_simple\"><a href=\"https:\/\/www.raumplanerin.ch\/cms\/category\/artikel\/\">Artikel<\/a>, <a href=\"https:\/\/www.raumplanerin.ch\/cms\/category\/vorstoesse\/\">Vorst\u00f6sse<\/a><\/div><h2 class=\"w-post-elm post_title usg_post_title_1 entry-title color_link_inherit\"><a href=\"https:\/\/www.raumplanerin.ch\/cms\/weiterbauen-im-wankdorf-die-gestapelte-stadt\/\">Wei\u00adter\u00adbau\u00aden im Wank\u00addorf: Die ge\u00adsta\u00adpel\u00adte Stadt<\/a><\/h2><time class=\"w-post-elm post_date usg_post_date_1 entry-date published\" datetime=\"2022-04-23T16:55:53+02:00\">23. April 2022<\/time><div class=\"w-post-elm post_content usg_post_content_1\">Aus tec21: Der Projektwettbewerb f\u00fcr WankdorfCity 3 in Bern, mit vorgeschaltetem Richtprojekt als Qualit\u00e4tsmassstab, ist entschieden. Die vier Siegerprojekte werden&hellip;<\/div><div class=\"w-hwrapper usg_hwrapper_1 align_left valign_top wrap\"><div class=\"w-post-elm post_taxonomy usg_post_taxonomy_1 style_simple\"><span class=\"w-post-elm-before\"># <\/span><a href=\"https:\/\/www.raumplanerin.ch\/cms\/tag\/quartier\/\" rel=\"tag\">Quartier<\/a>, <a href=\"https:\/\/www.raumplanerin.ch\/cms\/tag\/wankdorf\/\" rel=\"tag\">Wankdorf<\/a>, <a href=\"https:\/\/www.raumplanerin.ch\/cms\/tag\/wankdorfcity\/\" rel=\"tag\">WankdorfCity<\/a>, <a href=\"https:\/\/www.raumplanerin.ch\/cms\/tag\/wettbewerbe\/\" rel=\"tag\">Wettbewerbe<\/a>, <a href=\"https:\/\/www.raumplanerin.ch\/cms\/tag\/wohnen\/\" rel=\"tag\">Wohnen<\/a><\/div><\/div>\t\t<\/div>\r\n\t<\/article>\r\n<\/div><div class=\"w-grid-preloader\"><div class=\"g-preloader type_1\">\r\n\t<div><\/div>\r\n<\/div>\r\n<\/div>\t<div class=\"w-grid-json hidden\" onclick='return {&quot;action&quot;:&quot;us_ajax_grid&quot;,&quot;ajax_url&quot;:&quot;https:\\\/\\\/www.raumplanerin.ch\\\/cms\\\/wp-admin\\\/admin-ajax.php&quot;,&quot;infinite_scroll&quot;:0,&quot;max_num_pages&quot;:8,&quot;pagination&quot;:&quot;none&quot;,&quot;permalink_url&quot;:&quot;https:\\\/\\\/www.raumplanerin.ch\\\/cms\\\/wp-json\\\/wp\\\/v2\\\/pages\\\/106&quot;,&quot;template_vars&quot;:{&quot;columns&quot;:&quot;3&quot;,&quot;exclude_items&quot;:&quot;none&quot;,&quot;img_size&quot;:&quot;default&quot;,&quot;ignore_items_size&quot;:false,&quot;items_layout&quot;:&quot;111&quot;,&quot;items_offset&quot;:&quot;1&quot;,&quot;load_animation&quot;:&quot;none&quot;,&quot;overriding_link&quot;:&quot;none&quot;,&quot;post_id&quot;:3387,&quot;query_args&quot;:{&quot;post_type&quot;:[&quot;post&quot;],&quot;tax_query&quot;:[{&quot;taxonomy&quot;:&quot;post_tag&quot;,&quot;field&quot;:&quot;slug&quot;,&quot;terms&quot;:[&quot;wankdorf&quot;]}],&quot;post_status&quot;:[&quot;publish&quot;],&quot;posts_per_page&quot;:&quot;3&quot;},&quot;orderby_query_args&quot;:{&quot;orderby&quot;:{&quot;date&quot;:&quot;DESC&quot;}},&quot;type&quot;:&quot;grid&quot;,&quot;us_grid_ajax_index&quot;:1,&quot;us_grid_filter_params&quot;:null,&quot;us_grid_index&quot;:5,&quot;_us_grid_post_type&quot;:&quot;post&quot;}}'><\/div>\r\n\t<\/div><\/div><\/div><\/div><\/div><\/div><\/section><section class=\"l-section wpb_row height_small\"><div class=\"l-section-h i-cf\"><div class=\"g-cols vc_row via_flex valign_top type_default stacking_default\"><div class=\"vc_col-sm-12 wpb_column vc_column_container\"><div class=\"vc_column-inner\"><div class=\"wpb_wrapper\"><div class=\"wpb_text_column\"><div class=\"wpb_wrapper\"><h2><a href=\"https:\/\/www.raumplanerin.ch\/cms\/gaswerkareal\/\">Gaswerkareal &#8230;<\/a><\/h2>\n<\/div><\/div><div class=\"w-grid type_grid layout_111 cols_3 overflow_hidden\" id=\"us_grid_6\"><style>#us_grid_6 .w-grid-item{padding:1.5rem}#us_grid_6 .w-grid-list{margin:-1.5rem}.w-grid + #us_grid_6 .w-grid-list,.w-grid-none + #us_grid_6 .w-grid-list{margin-top:1.5rem}@media (max-width:899px){#us_grid_6 .w-grid-item{width:50%}}@media (max-width:599px){#us_grid_6 .w-grid-list{margin:0}#us_grid_6 .w-grid-item{width:100%;padding:0;margin-bottom:1.5rem}}<\/style><div class=\"w-grid-list\">\t<article class=\"w-grid-item post-3394 post type-post status-publish format-standard has-post-thumbnail hentry category-artikel category-mitwirkungen-einsprachen category-wohnen tag-gaswerkareal tag-stadtentwicklung\" data-id=\"3394\">\r\n\t\t<div class=\"w-grid-item-h\">\r\n\t\t\t\t\t\t<div class=\"w-html usg_html_1\"><hr><\/div><div class=\"w-post-elm post_taxonomy usg_post_taxonomy_2 style_simple\"><a href=\"https:\/\/www.raumplanerin.ch\/cms\/category\/artikel\/\">Artikel<\/a>, <a href=\"https:\/\/www.raumplanerin.ch\/cms\/category\/mitwirkungen-einsprachen\/\">Mitw\/Einspr<\/a>, <a href=\"https:\/\/www.raumplanerin.ch\/cms\/category\/wohnen\/\">Wohnen<\/a><\/div><div class=\"w-post-elm post_image usg_post_image_1 stretched\"><a href=\"https:\/\/www.raumplanerin.ch\/cms\/stadt-bern-riskiert-beim-gaswerkareal-die-eskalation\/\" aria-label=\"Stadt Bern riskiert beim Gaswerkareal die Eskalation\"><img loading=\"lazy\" decoding=\"async\" width=\"300\" height=\"288\" src=\"https:\/\/www.raumplanerin.ch\/cms\/wp-content\/uploads\/2024\/09\/DSC08528-scaled-e1725696487783-300x288.jpg\" class=\"attachment-medium size-medium wp-post-image\" alt=\"\" srcset=\"https:\/\/www.raumplanerin.ch\/cms\/wp-content\/uploads\/2024\/09\/DSC08528-scaled-e1725696487783-300x288.jpg 300w, https:\/\/www.raumplanerin.ch\/cms\/wp-content\/uploads\/2024\/09\/DSC08528-scaled-e1725696487783-1024x982.jpg 1024w, https:\/\/www.raumplanerin.ch\/cms\/wp-content\/uploads\/2024\/09\/DSC08528-scaled-e1725696487783.jpg 2003w\" sizes=\"auto, (max-width: 300px) 100vw, 300px\" \/><\/a><\/div><h2 class=\"w-post-elm post_title usg_post_title_1 entry-title color_link_inherit\"><a href=\"https:\/\/www.raumplanerin.ch\/cms\/stadt-bern-riskiert-beim-gaswerkareal-die-eskalation\/\">Stadt Bern riskiert beim Gaswerkareal die Eskalation<\/a><\/h2><time class=\"w-post-elm post_date usg_post_date_1 entry-date published\" datetime=\"2024-09-07T10:00:44+02:00\">7. September 2024<\/time><div class=\"w-post-elm post_content usg_post_content_1\">Gaswerkareal_Bund_07_09_2024<\/div><div class=\"w-hwrapper usg_hwrapper_1 align_left valign_top wrap\"><div class=\"w-post-elm post_taxonomy usg_post_taxonomy_1 style_simple\"><span class=\"w-post-elm-before\"># <\/span><a href=\"https:\/\/www.raumplanerin.ch\/cms\/tag\/gaswerkareal\/\" rel=\"tag\">Gaswerkareal<\/a>, <a href=\"https:\/\/www.raumplanerin.ch\/cms\/tag\/stadtentwicklung\/\" rel=\"tag\">Stadtentwicklung<\/a><\/div><\/div>\t\t<\/div>\r\n\t<\/article>\r\n\t<article class=\"w-grid-item post-3314 post type-post status-publish format-standard has-post-thumbnail hentry category-artikel category-vorstoesse category-wettbewerb category-wohnen tag-gaswerkareal\" data-id=\"3314\">\r\n\t\t<div class=\"w-grid-item-h\">\r\n\t\t\t\t\t\t<div class=\"w-html usg_html_1\"><hr><\/div><div class=\"w-post-elm post_taxonomy usg_post_taxonomy_2 style_simple\"><a href=\"https:\/\/www.raumplanerin.ch\/cms\/category\/artikel\/\">Artikel<\/a>, <a href=\"https:\/\/www.raumplanerin.ch\/cms\/category\/vorstoesse\/\">Vorst\u00f6sse<\/a>, <a href=\"https:\/\/www.raumplanerin.ch\/cms\/category\/wettbewerb\/\">Wettbewerb<\/a>, <a href=\"https:\/\/www.raumplanerin.ch\/cms\/category\/wohnen\/\">Wohnen<\/a><\/div><div class=\"w-post-elm post_image usg_post_image_1 stretched\"><a href=\"https:\/\/www.raumplanerin.ch\/cms\/die-400-wohnungen-auf-dem-gaswerkareal-kommen-spaeter-als-geplant\/\" aria-label=\"Die 400 Wohnungen auf dem Gaswerkareal kommen sp\u00e4ter als geplant\"><img loading=\"lazy\" decoding=\"async\" width=\"300\" height=\"289\" src=\"https:\/\/www.raumplanerin.ch\/cms\/wp-content\/uploads\/2023\/11\/IMG_1970-scaled-e1725697050556-300x289.jpg\" class=\"attachment-medium size-medium wp-post-image\" alt=\"\" srcset=\"https:\/\/www.raumplanerin.ch\/cms\/wp-content\/uploads\/2023\/11\/IMG_1970-scaled-e1725697050556-300x289.jpg 300w, https:\/\/www.raumplanerin.ch\/cms\/wp-content\/uploads\/2023\/11\/IMG_1970-scaled-e1725697050556-1024x986.jpg 1024w, https:\/\/www.raumplanerin.ch\/cms\/wp-content\/uploads\/2023\/11\/IMG_1970-scaled-e1725697050556.jpg 1862w\" sizes=\"auto, (max-width: 300px) 100vw, 300px\" \/><\/a><\/div><h2 class=\"w-post-elm post_title usg_post_title_1 entry-title color_link_inherit\"><a href=\"https:\/\/www.raumplanerin.ch\/cms\/die-400-wohnungen-auf-dem-gaswerkareal-kommen-spaeter-als-geplant\/\">Die 400 Wohnungen auf dem Gaswerkareal kommen sp\u00e4ter als geplant<\/a><\/h2><time class=\"w-post-elm post_date usg_post_date_1 entry-date published\" datetime=\"2023-11-22T09:30:26+01:00\">22. November 2023<\/time><div class=\"w-post-elm post_content usg_post_content_1\">Eine Ausstellung zeigt, wie das neue Quartier an der Aare aussehen soll. Noch sind aber zentrale Fragen zu kl\u00e4ren. Christoph&hellip;<\/div><div class=\"w-hwrapper usg_hwrapper_1 align_left valign_top wrap\"><div class=\"w-post-elm post_taxonomy usg_post_taxonomy_1 style_simple\"><span class=\"w-post-elm-before\"># <\/span><a href=\"https:\/\/www.raumplanerin.ch\/cms\/tag\/gaswerkareal\/\" rel=\"tag\">Gaswerkareal<\/a><\/div><\/div>\t\t<\/div>\r\n\t<\/article>\r\n\t<article class=\"w-grid-item post-2457 post type-post status-publish format-standard hentry category-artikel category-wohnen tag-derbund tag-gaswerkareal\" data-id=\"2457\">\r\n\t\t<div class=\"w-grid-item-h\">\r\n\t\t\t\t\t\t<div class=\"w-html usg_html_1\"><hr><\/div><div class=\"w-post-elm post_taxonomy usg_post_taxonomy_2 style_simple\"><a href=\"https:\/\/www.raumplanerin.ch\/cms\/category\/artikel\/\">Artikel<\/a>, <a href=\"https:\/\/www.raumplanerin.ch\/cms\/category\/wohnen\/\">Wohnen<\/a><\/div><h2 class=\"w-post-elm post_title usg_post_title_1 entry-title color_link_inherit\"><a href=\"https:\/\/www.raumplanerin.ch\/cms\/es-dauert-noch-jahre-auf-dem-berner-gaswerkareal\/\">Es dauert noch Jahre auf dem Berner Gaswerkareal<\/a><\/h2><time class=\"w-post-elm post_date usg_post_date_1 entry-date published\" datetime=\"2023-05-25T10:52:14+02:00\">25. Mai 2023<\/time><div class=\"w-post-elm post_content usg_post_content_1\">Mai 2023 SanierungimMarziliverschlingtweitereMillion 30.10.2019 Es dauert noch Jahre auf dem Berner Gaswerkareal<\/div><div class=\"w-hwrapper usg_hwrapper_1 align_left valign_top wrap\"><div class=\"w-post-elm post_taxonomy usg_post_taxonomy_1 style_simple\"><span class=\"w-post-elm-before\"># <\/span><a href=\"https:\/\/www.raumplanerin.ch\/cms\/tag\/derbund\/\" rel=\"tag\">Der Bund<\/a>, <a href=\"https:\/\/www.raumplanerin.ch\/cms\/tag\/gaswerkareal\/\" rel=\"tag\">Gaswerkareal<\/a><\/div><\/div>\t\t<\/div>\r\n\t<\/article>\r\n<\/div><div class=\"w-grid-preloader\"><div class=\"g-preloader type_1\">\r\n\t<div><\/div>\r\n<\/div>\r\n<\/div>\t<div class=\"w-grid-json hidden\" onclick='return {&quot;action&quot;:&quot;us_ajax_grid&quot;,&quot;ajax_url&quot;:&quot;https:\\\/\\\/www.raumplanerin.ch\\\/cms\\\/wp-admin\\\/admin-ajax.php&quot;,&quot;infinite_scroll&quot;:0,&quot;max_num_pages&quot;:9,&quot;pagination&quot;:&quot;none&quot;,&quot;permalink_url&quot;:&quot;https:\\\/\\\/www.raumplanerin.ch\\\/cms\\\/wp-json\\\/wp\\\/v2\\\/pages\\\/106&quot;,&quot;template_vars&quot;:{&quot;columns&quot;:&quot;3&quot;,&quot;exclude_items&quot;:&quot;none&quot;,&quot;img_size&quot;:&quot;default&quot;,&quot;ignore_items_size&quot;:false,&quot;items_layout&quot;:&quot;111&quot;,&quot;items_offset&quot;:&quot;1&quot;,&quot;load_animation&quot;:&quot;none&quot;,&quot;overriding_link&quot;:&quot;none&quot;,&quot;post_id&quot;:2714,&quot;query_args&quot;:{&quot;post_type&quot;:[&quot;post&quot;],&quot;tax_query&quot;:[{&quot;taxonomy&quot;:&quot;post_tag&quot;,&quot;field&quot;:&quot;slug&quot;,&quot;terms&quot;:[&quot;gaswerkareal&quot;]}],&quot;post_status&quot;:[&quot;publish&quot;],&quot;posts_per_page&quot;:&quot;3&quot;},&quot;orderby_query_args&quot;:{&quot;orderby&quot;:{&quot;date&quot;:&quot;DESC&quot;}},&quot;type&quot;:&quot;grid&quot;,&quot;us_grid_ajax_index&quot;:1,&quot;us_grid_filter_params&quot;:null,&quot;us_grid_index&quot;:6,&quot;_us_grid_post_type&quot;:&quot;post&quot;}}'><\/div>\r\n\t<\/div><\/div><\/div><\/div><\/div><\/div><\/section><section class=\"l-section wpb_row height_small\"><div class=\"l-section-h i-cf\"><div class=\"g-cols vc_row via_flex valign_top type_default stacking_default\"><div class=\"vc_col-sm-12 wpb_column vc_column_container\"><div class=\"vc_column-inner\"><div class=\"wpb_wrapper\"><div class=\"wpb_text_column\"><div class=\"wpb_wrapper\"><h2><a href=\"https:\/\/www.raumplanerin.ch\/cms\/wettbewerbe\/\">Wettbewerbe &#8230;<\/a><\/h2>\n<\/div><\/div><div class=\"w-grid type_grid layout_111 cols_3 overflow_hidden\" id=\"us_grid_7\"><style>#us_grid_7 .w-grid-item{padding:1.5rem}#us_grid_7 .w-grid-list{margin:-1.5rem}.w-grid + #us_grid_7 .w-grid-list,.w-grid-none + #us_grid_7 .w-grid-list{margin-top:1.5rem}@media (max-width:899px){#us_grid_7 .w-grid-item{width:50%}}@media (max-width:599px){#us_grid_7 .w-grid-list{margin:0}#us_grid_7 .w-grid-item{width:100%;padding:0;margin-bottom:1.5rem}}<\/style><div class=\"w-grid-list\">\t<article class=\"w-grid-item post-3291 post type-post status-publish format-standard has-post-thumbnail hentry category-wettbewerb category-wohnen tag-viererfeld tag-wettbewerbe tag-wohnen\" data-id=\"3291\">\r\n\t\t<div class=\"w-grid-item-h\">\r\n\t\t\t\t\t\t<div class=\"w-html usg_html_1\"><hr><\/div><div class=\"w-post-elm post_taxonomy usg_post_taxonomy_2 style_simple\"><a href=\"https:\/\/www.raumplanerin.ch\/cms\/category\/wettbewerb\/\">Wettbewerb<\/a>, <a href=\"https:\/\/www.raumplanerin.ch\/cms\/category\/wohnen\/\">Wohnen<\/a><\/div><div class=\"w-post-elm post_image usg_post_image_1 stretched\"><a href=\"https:\/\/www.raumplanerin.ch\/cms\/rueckschlag-fuer-berns-prestigetraechtigstes-wohnbauprojekt\/\" aria-label=\"R\u00fcckschlag f\u00fcr Berns prestigetr\u00e4chtigstes Wohnbauprojekt\"><img loading=\"lazy\" decoding=\"async\" width=\"300\" height=\"300\" src=\"https:\/\/www.raumplanerin.ch\/cms\/wp-content\/uploads\/2023\/09\/Tafel-e1695295972969-300x300.jpeg\" class=\"attachment-medium size-medium wp-post-image\" alt=\"\" srcset=\"https:\/\/www.raumplanerin.ch\/cms\/wp-content\/uploads\/2023\/09\/Tafel-e1695295972969-300x300.jpeg 300w, https:\/\/www.raumplanerin.ch\/cms\/wp-content\/uploads\/2023\/09\/Tafel-e1695295972969-150x150.jpeg 150w, https:\/\/www.raumplanerin.ch\/cms\/wp-content\/uploads\/2023\/09\/Tafel-e1695295972969.jpeg 921w\" sizes=\"auto, (max-width: 300px) 100vw, 300px\" \/><\/a><\/div><h2 class=\"w-post-elm post_title usg_post_title_1 entry-title color_link_inherit\"><a href=\"https:\/\/www.raumplanerin.ch\/cms\/rueckschlag-fuer-berns-prestigetraechtigstes-wohnbauprojekt\/\">R\u00fcckschlag f\u00fcr Berns prestigetr\u00e4chtigstes Wohnbauprojekt<\/a><\/h2><time class=\"w-post-elm post_date usg_post_date_1 entry-date published\" datetime=\"2023-09-21T13:19:45+02:00\">21. September 2023<\/time><div class=\"w-post-elm post_content usg_post_content_1\">Ein Investor springt ab, die Projektleitung hat gek\u00fcndigt: Der st\u00e4dtische Wohnbau im Viererfeld wurde abrupt unterbrochen. Wie konnte das passieren?&hellip;<\/div><div class=\"w-hwrapper usg_hwrapper_1 align_left valign_top wrap\"><div class=\"w-post-elm post_taxonomy usg_post_taxonomy_1 style_simple\"><span class=\"w-post-elm-before\"># <\/span><a href=\"https:\/\/www.raumplanerin.ch\/cms\/tag\/viererfeld\/\" rel=\"tag\">Viererfeld<\/a>, <a href=\"https:\/\/www.raumplanerin.ch\/cms\/tag\/wettbewerbe\/\" rel=\"tag\">Wettbewerbe<\/a>, <a href=\"https:\/\/www.raumplanerin.ch\/cms\/tag\/wohnen\/\" rel=\"tag\">Wohnen<\/a><\/div><\/div>\t\t<\/div>\r\n\t<\/article>\r\n\t<article class=\"w-grid-item post-3252 post type-post status-publish format-standard has-post-thumbnail hentry category-gender category-wettbewerb category-kultur tag-wettbewerbe\" data-id=\"3252\">\r\n\t\t<div class=\"w-grid-item-h\">\r\n\t\t\t\t\t\t<div class=\"w-html usg_html_1\"><hr><\/div><div class=\"w-post-elm post_taxonomy usg_post_taxonomy_2 style_simple\"><a href=\"https:\/\/www.raumplanerin.ch\/cms\/category\/gender\/\">Gender<\/a>, <a href=\"https:\/\/www.raumplanerin.ch\/cms\/category\/wettbewerb\/\">Wettbewerb<\/a>, <a href=\"https:\/\/www.raumplanerin.ch\/cms\/category\/kultur\/\">Kultur<\/a><\/div><div class=\"w-post-elm post_image usg_post_image_1 stretched\"><a href=\"https:\/\/www.raumplanerin.ch\/cms\/umstrittenes-berner-wandbildwir-machen-das-gegenteil-von-cancel-culture\/\" aria-label=\"Umstrittenes Berner Wandbild\u00abWir machen das Gegenteil von Cancel-Culture\u00bb\"><img loading=\"lazy\" decoding=\"async\" width=\"300\" height=\"300\" src=\"https:\/\/www.raumplanerin.ch\/cms\/wp-content\/uploads\/2023\/07\/IMG_20191127_160144-773x1030-1-e1690746151129-300x300.jpg\" class=\"attachment-medium size-medium wp-post-image\" alt=\"\" srcset=\"https:\/\/www.raumplanerin.ch\/cms\/wp-content\/uploads\/2023\/07\/IMG_20191127_160144-773x1030-1-e1690746151129-300x300.jpg 300w, https:\/\/www.raumplanerin.ch\/cms\/wp-content\/uploads\/2023\/07\/IMG_20191127_160144-773x1030-1-e1690746151129-150x150.jpg 150w, https:\/\/www.raumplanerin.ch\/cms\/wp-content\/uploads\/2023\/07\/IMG_20191127_160144-773x1030-1-e1690746151129.jpg 671w\" sizes=\"auto, (max-width: 300px) 100vw, 300px\" \/><\/a><\/div><h2 class=\"w-post-elm post_title usg_post_title_1 entry-title color_link_inherit\"><a href=\"https:\/\/www.raumplanerin.ch\/cms\/umstrittenes-berner-wandbildwir-machen-das-gegenteil-von-cancel-culture\/\">Umstrittenes Berner Wandbild\u00abWir machen das Gegenteil von Cancel-Culture\u00bb<\/a><\/h2><time class=\"w-post-elm post_date usg_post_date_1 entry-date published\" datetime=\"2023-07-30T17:59:26+02:00\">30. Juli 2023<\/time><div class=\"w-post-elm post_content usg_post_content_1\">Die Stadt als Auftraggeberin: Ausschreibung_zum zweistufigen Wettbewerb_Wandbild Wylergut Wettbewerb Wylergut_Programm Kornhausforum und Teilnehmende Wettbewerb_Wandbild_Wylergut_F\u00fcnf Projektvorschl\u00e4ge Jurybericht_Wettbewerb Wandbild Wylergut Das Bernische&hellip;<\/div><div class=\"w-hwrapper usg_hwrapper_1 align_left valign_top wrap\"><div class=\"w-post-elm post_taxonomy usg_post_taxonomy_1 style_simple\"><span class=\"w-post-elm-before\"># <\/span><a href=\"https:\/\/www.raumplanerin.ch\/cms\/tag\/wettbewerbe\/\" rel=\"tag\">Wettbewerbe<\/a><\/div><\/div>\t\t<\/div>\r\n\t<\/article>\r\n\t<article class=\"w-grid-item post-3102 post type-post status-publish format-standard has-post-thumbnail hentry category-mitwirkungen-einsprachen category-verkehrspolitik category-wettbewerb tag-bahnhof-bern tag-bahnhoefe tag-gemeinderat tag-hirschengraben tag-wettbewerbe\" data-id=\"3102\">\r\n\t\t<div class=\"w-grid-item-h\">\r\n\t\t\t\t\t\t<div class=\"w-html usg_html_1\"><hr><\/div><div class=\"w-post-elm post_taxonomy usg_post_taxonomy_2 style_simple\"><a href=\"https:\/\/www.raumplanerin.ch\/cms\/category\/mitwirkungen-einsprachen\/\">Mitw\/Einspr<\/a>, <a href=\"https:\/\/www.raumplanerin.ch\/cms\/category\/verkehrspolitik\/\">Verkehrspolitik<\/a>, <a href=\"https:\/\/www.raumplanerin.ch\/cms\/category\/wettbewerb\/\">Wettbewerb<\/a><\/div><div class=\"w-post-elm post_image usg_post_image_1 stretched\"><a href=\"https:\/\/www.raumplanerin.ch\/cms\/gemeinderat-passt-hirschengraben-projekt-an\/\" aria-label=\"Gemeinderat passt Hirschengraben-Projekt an\"><img loading=\"lazy\" decoding=\"async\" width=\"300\" height=\"300\" src=\"https:\/\/www.raumplanerin.ch\/cms\/wp-content\/uploads\/2022\/11\/Hirschengraben-e1695296848227-300x300.jpeg\" class=\"attachment-medium size-medium wp-post-image\" alt=\"\" srcset=\"https:\/\/www.raumplanerin.ch\/cms\/wp-content\/uploads\/2022\/11\/Hirschengraben-e1695296848227-300x300.jpeg 300w, https:\/\/www.raumplanerin.ch\/cms\/wp-content\/uploads\/2022\/11\/Hirschengraben-e1695296848227-150x150.jpeg 150w, https:\/\/www.raumplanerin.ch\/cms\/wp-content\/uploads\/2022\/11\/Hirschengraben-e1695296848227.jpeg 954w\" sizes=\"auto, (max-width: 300px) 100vw, 300px\" \/><\/a><\/div><h2 class=\"w-post-elm post_title usg_post_title_1 entry-title color_link_inherit\"><a href=\"https:\/\/www.raumplanerin.ch\/cms\/gemeinderat-passt-hirschengraben-projekt-an\/\">Gemeinderat passt Hirschengraben-Projekt an<\/a><\/h2><time class=\"w-post-elm post_date usg_post_date_1 entry-date published\" datetime=\"2023-04-26T10:00:35+02:00\">26. April 2023<\/time><div class=\"w-post-elm post_content usg_post_content_1\">Der Gemeinderat hat im Zusammenhang mit dem Projekt \u00abZukunft Bahnhof Bern\u00bb eine \u00dcberarbeitung der st\u00e4dtischen Massnahmen am Hirschengraben beschlossen. Die&hellip;<\/div><div class=\"w-hwrapper usg_hwrapper_1 align_left valign_top wrap\"><div class=\"w-post-elm post_taxonomy usg_post_taxonomy_1 style_simple\"><span class=\"w-post-elm-before\"># <\/span><a href=\"https:\/\/www.raumplanerin.ch\/cms\/tag\/bahnhof-bern\/\" rel=\"tag\">Bahnhof Bern<\/a>, <a href=\"https:\/\/www.raumplanerin.ch\/cms\/tag\/bahnhoefe\/\" rel=\"tag\">Bahnh\u00f6fe<\/a>, <a href=\"https:\/\/www.raumplanerin.ch\/cms\/tag\/gemeinderat\/\" rel=\"tag\">Gemeinderat<\/a>, <a href=\"https:\/\/www.raumplanerin.ch\/cms\/tag\/hirschengraben\/\" rel=\"tag\">Hirschengraben<\/a>, <a href=\"https:\/\/www.raumplanerin.ch\/cms\/tag\/wettbewerbe\/\" rel=\"tag\">Wettbewerbe<\/a><\/div><\/div>\t\t<\/div>\r\n\t<\/article>\r\n<\/div><div class=\"w-grid-preloader\"><div class=\"g-preloader type_1\">\r\n\t<div><\/div>\r\n<\/div>\r\n<\/div>\t<div class=\"w-grid-json hidden\" onclick='return {&quot;action&quot;:&quot;us_ajax_grid&quot;,&quot;ajax_url&quot;:&quot;https:\\\/\\\/www.raumplanerin.ch\\\/cms\\\/wp-admin\\\/admin-ajax.php&quot;,&quot;infinite_scroll&quot;:0,&quot;max_num_pages&quot;:6,&quot;pagination&quot;:&quot;none&quot;,&quot;permalink_url&quot;:&quot;https:\\\/\\\/www.raumplanerin.ch\\\/cms\\\/wp-json\\\/wp\\\/v2\\\/pages\\\/106&quot;,&quot;template_vars&quot;:{&quot;columns&quot;:&quot;3&quot;,&quot;exclude_items&quot;:&quot;none&quot;,&quot;img_size&quot;:&quot;default&quot;,&quot;ignore_items_size&quot;:false,&quot;items_layout&quot;:&quot;111&quot;,&quot;items_offset&quot;:&quot;1&quot;,&quot;load_animation&quot;:&quot;none&quot;,&quot;overriding_link&quot;:&quot;none&quot;,&quot;post_id&quot;:2457,&quot;query_args&quot;:{&quot;post_type&quot;:[&quot;post&quot;],&quot;tax_query&quot;:[{&quot;taxonomy&quot;:&quot;post_tag&quot;,&quot;field&quot;:&quot;slug&quot;,&quot;terms&quot;:[&quot;wettbewerbe&quot;]}],&quot;post_status&quot;:[&quot;publish&quot;],&quot;posts_per_page&quot;:&quot;3&quot;},&quot;orderby_query_args&quot;:{&quot;orderby&quot;:{&quot;date&quot;:&quot;DESC&quot;}},&quot;type&quot;:&quot;grid&quot;,&quot;us_grid_ajax_index&quot;:1,&quot;us_grid_filter_params&quot;:null,&quot;us_grid_index&quot;:7,&quot;_us_grid_post_type&quot;:&quot;post&quot;}}'><\/div>\r\n\t<\/div><\/div><\/div><\/div><\/div><\/div><\/section>\n","protected":false},"excerpt":{"rendered":"Der Gemeinderat hat im Zusammenhang mit dem Projekt \u00abZukunft Bahnhof Bern\u00bb eine \u00dcberarbeitung der st\u00e4dtischen Massnahmen am Hirschengraben beschlossen. Die Baumreihen sollen m\u00f6glichst erhalten und der Aufgang der neuen Personenpassage soll verschm\u00e4lert und zentriert werden. Mit der Anpassung wird neuen Gutachten bestm\u00f6glich Rechnung getragen. Arch\u00e4ologisches Gutachten Zukunft Bahnhof Bern (ZBB) Hirschengraben Baumgutachten Zukunft Bahnhof Bern...","protected":false},"author":2,"featured_media":0,"parent":0,"menu_order":0,"comment_status":"closed","ping_status":"closed","template":"","meta":{"footnotes":""},"class_list":["post-106","page","type-page","status-publish","hentry"],"_links":{"self":[{"href":"https:\/\/www.raumplanerin.ch\/cms\/wp-json\/wp\/v2\/pages\/106","targetHints":{"allow":["GET"]}}],"collection":[{"href":"https:\/\/www.raumplanerin.ch\/cms\/wp-json\/wp\/v2\/pages"}],"about":[{"href":"https:\/\/www.raumplanerin.ch\/cms\/wp-json\/wp\/v2\/types\/page"}],"author":[{"embeddable":true,"href":"https:\/\/www.raumplanerin.ch\/cms\/wp-json\/wp\/v2\/users\/2"}],"replies":[{"embeddable":true,"href":"https:\/\/www.raumplanerin.ch\/cms\/wp-json\/wp\/v2\/comments?post=106"}],"version-history":[{"count":48,"href":"https:\/\/www.raumplanerin.ch\/cms\/wp-json\/wp\/v2\/pages\/106\/revisions"}],"predecessor-version":[{"id":3339,"href":"https:\/\/www.raumplanerin.ch\/cms\/wp-json\/wp\/v2\/pages\/106\/revisions\/3339"}],"wp:attachment":[{"href":"https:\/\/www.raumplanerin.ch\/cms\/wp-json\/wp\/v2\/media?parent=106"}],"curies":[{"name":"wp","href":"https:\/\/api.w.org\/{rel}","templated":true}]}}